{"id":163356,"date":"2021-12-16T15:11:49","date_gmt":"2021-12-16T21:11:49","guid":{"rendered":"https:\/\/www.centralhealth.net\/?post_type=biographies&#038;p=163356"},"modified":"2024-12-05T10:42:40","modified_gmt":"2024-12-05T16:42:40","slug":"monica-crowley-vicepresidenta-jefa-de-estrategia-y-planificacion-abogada-principal","status":"publish","type":"biographies","link":"https:\/\/www.centralhealth.net\/fa\/biographies\/monica-crowley-vicepresidenta-jefa-de-estrategia-y-planificacion-abogada-principal\/","title":{"rendered":"\u0645\u0648\u0646\u06cc\u06a9\u0627 \u06a9\u0631\u0648\u0644\u06cc\u060c \u0645\u0639\u0627\u0648\u0646 \u0631\u0626\u06cc\u0633 \u062c\u0645\u0647\u0648\u0631\u060c \u062c\u0641\u0627 \u062f \u0627\u0633\u062a\u0631\u0627\u062a\u0698\u06cc\u0627 \u0648 \u067e\u0644\u0627\u0646\u0641\u06cc\u06a9\u0627\u0633\u06cc\u0648\u0646\u060c \u0631\u0626\u06cc\u0633 \u0627\u0628\u0648\u06af\u0627\u062f\u0627"},"content":{"rendered":"<p><img loading=\"lazy\" decoding=\"async\" class=\"alignleft wp-image-155621\" src=\"https:\/\/www.centralhealth.net\/wp-content\/uploads\/2024\/12\/monica-crowley.jpeg\" alt=\"Monica Crowley\" width=\"200\" height=\"200\" style=\"height:200px;width:auto;margin-top:24px;\"><br \/>\nM\u00f3nica se uni\u00f3 a Central Health en el 2014. Su experiencia abarca abarca m\u00e1s de 25 a\u00f1os como defensora y abogada de entidades p\u00fablicas y organizaciones sin fines de lucro. M\u00f3nica ha dirigido y participado en el desarrollo de temas estra\u00e9gicos\u060c legales\u060c y de pol\u00edticas p\u00fablicas para las divisiones de cuidados m\u00e9dicos\u060c asuntos gubernamentales\u060c y cumplimiento normativo.<\/p>\n<p>Antes de Central Health\u060c M\u00f3nica fungi\u00f3 como Vicepresidenta de Counicaciones Estrat\u00e9gicas y Pol\u00edticas for Lone Star Circle of Care\u060c \u0633\u06cc\u0633\u062a\u0645 \u0645\u0631\u06a9\u0632 \u0633\u0627\u0644\u0648\u062f \u0641\u062f\u0631\u0627\u0644\u0645\u0646\u062a\u0647\u06cc \u06af\u0648\u0627\u0647\u06cc\u0646\u0627\u0645\u0647\u200c\u0647\u0627\u06cc \u067e\u0627\u06cc\u0647 \u062f\u0631 \u062c\u0648\u0631\u062c \u062a\u0627\u0648\u0646. M\u00f3nica comenz\u00f3 su carrera ejecutiva como abogada de cummplimiento normativo en la Junta de Valores del Estado de Texas y en la Divisi\u00f3n Antimonopolio del Departamento de Justicia de los Estados Unidos. M\u00f3nica tambi\u00e9n se desempe\u00f1\u00f3 como \u06a9\u0645\u06a9\u06cc \u0639\u0645\u0648\u0645\u06cc \u0645\u0627\u0644\u06cc \u0628\u0631\u0627\u06cc \u06a9\u0646\u062a\u0631\u0644 \u06a9\u0644\u0627\u0647\u0628\u0631\u062f\u0627\u0631\u06cc \u0627\u0632 Medicaid de la Oficina del Fiscal General de Texas.<\/p>\n<p>M\u00f3nica naci\u00f3 y se crio en Clovis\u060c Nuevo M\u00e9xico\u060c \u0648 \u0641\u0627\u0631\u063a \u0627\u0644\u062a\u062d\u0635\u06cc\u0644 \u06a9\u0627\u0644\u062c \u0622\u0633\u062a\u06cc\u0646 \u0648 de la Escuela de Leyes de la Universidad de Texas en Austin. A M\u00f3nica le apasiona prevenir y ponerle fin a la indigencia\u060c y funge como Presidenta Electa del Consejo Directivo de Caritas de Austin.<\/p>","protected":false},"featured_media":0,"template":"","biography_type":[],"class_list":["post-163356","biographies","type-biographies","status-publish","entry","has-post-thumbnail"],"acf":[],"_links":{"self":[{"href":"https:\/\/www.centralhealth.net\/fa\/wp-json\/wp\/v2\/biographies\/163356","targetHints":{"allow":["GET"]}}],"collection":[{"href":"https:\/\/www.centralhealth.net\/fa\/wp-json\/wp\/v2\/biographies"}],"about":[{"href":"https:\/\/www.centralhealth.net\/fa\/wp-json\/wp\/v2\/types\/biographies"}],"wp:attachment":[{"href":"https:\/\/www.centralhealth.net\/fa\/wp-json\/wp\/v2\/media?parent=163356"}],"wp:term":[{"taxonomy":"biography_type","embeddable":true,"href":"https:\/\/www.centralhealth.net\/fa\/wp-json\/wp\/v2\/biography_type?post=163356"}],"curies":[{"name":"\u0648\u0631\u062f\u067e\u0631\u0633","href":"https:\/\/api.w.org\/{rel}","templated":true}]}}